{"id":8208,"date":"2023-02-16T21:15:55","date_gmt":"2023-02-16T19:15:55","guid":{"rendered":"http:\/\/eadmitere.ro\/politie\/?page_id=8208"},"modified":"2023-12-09T09:27:51","modified_gmt":"2023-12-09T07:27:51","slug":"prezentarea-scolii-militare-de-subofiteri-jandarmi-petru-rares-falticeni","status":"publish","type":"page","link":"https:\/\/eadmitere.ro\/politie\/prezentarea-scolii-militare-de-subofiteri-jandarmi-petru-rares-falticeni\/","title":{"rendered":"Prezentarea \u015ecolii Militare de Subofi\u0163eri Jandarmi \u201ePetru Rare\u0219\u201d &#8211; F\u0103lticeni"},"content":{"rendered":"\t\t<div data-elementor-type=\"wp-page\" data-elementor-id=\"8208\" class=\"elementor elementor-8208\" data-elementor-post-type=\"page\">\n\t\t\t\t\t\t<section class=\"elementor-section elementor-top-section elementor-element elementor-element-3398065 elementor-section-full_width animated-slow elementor-hidden-mobile elementor-section-height-default elementor-section-height-default elementor-invisible\" data-id=\"3398065\" data-element_type=\"section\" data-e-type=\"section\" data-settings=\"{&quot;animation&quot;:&quot;fadeIn&quot;}\">\n\t\t\t\t\t\t<div class=\"elementor-container elementor-column-gap-default\">\n\t\t\t\t\t<div class=\"elementor-column elementor-col-100 elementor-top-column elementor-element elementor-element-d20128a\" data-id=\"d20128a\" data-element_type=\"column\" data-e-type=\"column\">\n\t\t\t<div class=\"elementor-widget-wrap elementor-element-populated\">\n\t\t\t\t\t\t<div class=\"elementor-element elementor-element-73284c7 elementor-mobile-button-align-center elementor-button-align-stretch elementor-widget elementor-widget-form\" data-id=\"73284c7\" data-element_type=\"widget\" data-e-type=\"widget\" data-settings=\"{&quot;button_width_mobile&quot;:&quot;30&quot;,&quot;step_next_label&quot;:&quot;Next&quot;,&quot;step_previous_label&quot;:&quot;Previous&quot;,&quot;button_width&quot;:&quot;100&quot;,&quot;step_type&quot;:&quot;number_text&quot;,&quot;step_icon_shape&quot;:&quot;circle&quot;}\" data-widget_type=\"form.default\">\n\t\t\t\t<div class=\"elementor-widget-container\">\n\t\t\t\t\t\t\t<form class=\"elementor-form\" method=\"post\" id=\"id_form_selecteaza\" name=\"Selecteaz\u0103 scoala\" aria-label=\"Selecteaz\u0103 scoala\">\n\t\t\t<input type=\"hidden\" name=\"post_id\" value=\"8208\"\/>\n\t\t\t<input type=\"hidden\" name=\"form_id\" value=\"73284c7\"\/>\n\t\t\t<input type=\"hidden\" name=\"referer_title\" value=\"\" \/>\n\n\t\t\t\n\t\t\t<div class=\"elementor-form-fields-wrapper elementor-labels-\">\n\t\t\t\t\t\t\t\t<div class=\"elementor-field-type-select elementor-field-group elementor-column elementor-field-group-sectiune elementor-field-type-select2 e-onchange elementor-repeater-item-0778d21 elementor-col-100 elementor-sm-100\">\n\t\t\t\t\t\t\t\t\t\t\t\t<label for=\"form-field-sectiune\" class=\"elementor-field-label elementor-screen-only\">\n\t\t\t\t\t\t\t\tScoala\t\t\t\t\t\t\t<\/label>\n\t\t\t\t\t\t\t\t<div class=\"elementor-field elementor-select-wrapper remove-before \">\n\t\t\t<div class=\"select-caret-down-wrapper\">\n\t\t\t\t<i aria-hidden=\"true\" class=\"eicon-caret-down\"><\/i>\t\t\t<\/div>\n\t\t\t<select name=\"form_fields[sectiune]\" id=\"form-field-sectiune\" data-placeholder=\"Selecteaz\u0103 institu\u021bia de \u00eenv\u0103\u021b\u0103m\u00e2nt\" class=\"e-select2 elementor-field-textual elementor-size-xs\">\n\t\t\t\t\t\t\t\t\t<optgroup label=\"Ofi\u021beri\">\n\t\t\t\t\t\t\t\t\t<option value=\"8238\">Academia de Poli\u0163ie \u201eAlexandru Ioan Cuza\u201d - Facultatea de poli\u021bie<\/option>\n\t\t\t\t\t\t\t\t\t<option value=\"9264\">Academia de Poli\u0163ie \u201eAlexandru Ioan Cuza\u201d - Facultatea de pompieri<\/option>\n\t\t\t\t\t\t\t\t\t<\/optgroup><optgroup label=\"Agen\u021bi \u0219i subofi\u021beri\">\n\t\t\t\t\t\t\t\t\t<option value=\"8233\">\u015ecoala de Agen\u0163i de Poli\u0163ie \u201eSeptimiu Mure\u015fan\u201d - Cluj Napoca<\/option>\n\t\t\t\t\t\t\t\t\t<option value=\"8228\">\u015ecoala de Agen\u0163i de Poli\u0163ie \u201eVasile Lasc\u0103r\u201d - C\u00e2mpina<\/option>\n\t\t\t\t\t\t\t\t\t<option value=\"8223\">\u015ecoala de Preg\u0103tire a Agen\u0163ilor Poli\u0163iei de Frontier\u0103 \u201eAvram Iancu\u201d - Oradea<\/option>\n\t\t\t\t\t\t\t\t\t<option value=\"8218\">\u015ecoala de Subofi\u0163eri Pompieri \u015fi Protec\u0163ie Civil\u0103 \u201ePavel Z\u0103g\u0103nescu\u201d - Bolde\u015fti<\/option>\n\t\t\t\t\t\t\t\t\t<option value=\"8213\">\u015ecoala Militar\u0103 de Subofi\u0163eri de Jandarmi \u201eGrigore Alexandru Ghica\u201d - Dr\u0103g\u0103\u015fani<\/option>\n\t\t\t\t\t\t\t\t\t<option value=\"8202\">\u015ecoala Na\u0163ional\u0103 de Preg\u0103tire a Agen\u0163ilor de Penitenciare \u201eConstantin Br\u00e2ncoveanu&quot; - T\u00e2rgu Ocna<\/option><\/optgroup>\n\t\t\t\t\t\t\t<\/select>\n\t\t<\/div>\n\t\t\t\t\t\t<\/div>\n\t\t\t\t\t\t\t\t<div class=\"elementor-field-group elementor-column elementor-field-type-submit elementor-col-100 e-form__buttons elementor-sm-30\">\n\t\t\t\t\t<button class=\"elementor-button elementor-size-sm\" type=\"submit\">\n\t\t\t\t\t\t<span class=\"elementor-button-content-wrapper\">\n\t\t\t\t\t\t\t\t\t\t\t\t\t\t\t\t\t\t\t\t\t\t<span class=\"elementor-button-text\">Send<\/span>\n\t\t\t\t\t\t\t\t\t\t\t\t\t<\/span>\n\t\t\t\t\t<\/button>\n\t\t\t\t<\/div>\n\t\t\t<\/div>\n\t\t<\/form>\n\t\t<style>.elementor-element-73284c7 form > .elementor-form-fields-wrapper > .elementor-field-type-submit:last-child,.elementor-element-73284c7 form > .elementor-form-fields-wrapper > .elementor-field-type-step:last-child > .e-form__buttons > .elementor-field-type-submit{ display: none; }<\/style>\t\t\t\t<\/div>\n\t\t\t\t<\/div>\n\t\t\t\t<div class=\"elementor-element elementor-element-70b3950 elementor-widget elementor-widget-heading\" data-id=\"70b3950\" data-element_type=\"widget\" data-e-type=\"widget\" data-widget_type=\"heading.default\">\n\t\t\t\t<div class=\"elementor-widget-container\">\n\t\t\t\t\t<h1 class=\"elementor-heading-title elementor-size-default\">\u0218coala Militar\u0103 de Subofi\u021beri de Jandarmi \u201ePetru Rare\u0219\u201d F\u0103lticeni<\/h1>\t\t\t\t<\/div>\n\t\t\t\t<\/div>\n\t\t\t\t<div class=\"elementor-element elementor-element-c799553 elementor-widget elementor-widget-heading\" data-id=\"c799553\" data-element_type=\"widget\" data-e-type=\"widget\" data-widget_type=\"heading.default\">\n\t\t\t\t<div class=\"elementor-widget-container\">\n\t\t\t\t\t<h2 class=\"elementor-heading-title elementor-size-default\">Acta, Non Verba\n\n <\/h2>\t\t\t\t<\/div>\n\t\t\t\t<\/div>\n\t\t\t\t<section class=\"elementor-section elementor-inner-section elementor-element elementor-element-c2b137a elementor-section-full_width elementor-section-height-default elementor-section-height-default\" data-id=\"c2b137a\" data-element_type=\"section\" data-e-type=\"section\">\n\t\t\t\t\t\t<div class=\"elementor-container elementor-column-gap-default\">\n\t\t\t\t\t<div class=\"elementor-column elementor-col-50 elementor-inner-column elementor-element elementor-element-608309d\" data-id=\"608309d\" data-element_type=\"column\" data-e-type=\"column\">\n\t\t\t<div class=\"elementor-widget-wrap elementor-element-populated\">\n\t\t\t\t\t\t<div class=\"elementor-element elementor-element-cee7fef elementor-widget elementor-widget-image\" data-id=\"cee7fef\" data-element_type=\"widget\" data-e-type=\"widget\" data-widget_type=\"image.default\">\n\t\t\t\t<div class=\"elementor-widget-container\">\n\t\t\t\t\t\t\t\t\t\t\t\t\t\t\t\t<a href=\"https:\/\/www.jandarmeriafalticeni.ro\" target=\"_blank\">\n\t\t\t\t\t\t\t<img loading=\"lazy\" decoding=\"async\" loading=\"lazy\" width=\"300\" height=\"300\" src=\"https:\/\/eadmitere.ro\/politie\/wp-content\/uploads\/2023\/02\/logo-scoala-militara-de-subofiteri-jandarmi-petru-rares-falticeni-300x300.webp\" class=\"attachment-medium size-medium wp-image-8635\" alt=\"\u0218coala Militar\u0103 de Subofi\u021beri de Jandarmi \u201ePetru Rare\u0219\u201d - F\u0103lticeni\" srcset=\"https:\/\/eadmitere.ro\/politie\/wp-content\/uploads\/2023\/02\/logo-scoala-militara-de-subofiteri-jandarmi-petru-rares-falticeni-300x300.webp 300w, https:\/\/eadmitere.ro\/politie\/wp-content\/uploads\/2023\/02\/logo-scoala-militara-de-subofiteri-jandarmi-petru-rares-falticeni-150x150.webp 150w, https:\/\/eadmitere.ro\/politie\/wp-content\/uploads\/2023\/02\/logo-scoala-militara-de-subofiteri-jandarmi-petru-rares-falticeni.webp 327w\" sizes=\"auto, (max-width: 300px) 100vw, 300px\" \/>\t\t\t\t\t\t\t\t<\/a>\n\t\t\t\t\t\t\t\t\t\t\t\t\t\t\t<\/div>\n\t\t\t\t<\/div>\n\t\t\t\t\t<\/div>\n\t\t<\/div>\n\t\t\t\t<div class=\"elementor-column elementor-col-50 elementor-inner-column elementor-element elementor-element-5ebcdf0\" data-id=\"5ebcdf0\" data-element_type=\"column\" data-e-type=\"column\">\n\t\t\t<div class=\"elementor-widget-wrap elementor-element-populated\">\n\t\t\t\t\t\t<div class=\"elementor-element elementor-element-11b8c10 elementor-widget elementor-widget-text-editor\" data-id=\"11b8c10\" data-element_type=\"widget\" data-e-type=\"widget\" data-widget_type=\"text-editor.default\">\n\t\t\t\t<div class=\"elementor-widget-container\">\n\t\t\t\t\t\t\t\t\t<p>La 01.11.2008, unitatea noastr\u0103 devine \u015ecoala Militar\u0103 de Subofi\u0163eri de Jandarmi \u201ePetru Rare\u0219\u201d F\u0103lticeni, conform ordinului MIRA nr. I\/0619\/31.10.2008, cu misiunea de a forma elevii jandarmi, care primesc la absolvire primul grad de subofi\u0163er, cel de sergent major.<\/p><p>Ulterior a devenit institu\u0163ie de \u00eenv\u0103\u0163\u0103m\u00e2nt acreditat\u0103 prin Ordinul Ministerului Educa\u0163iei Na\u0163ionale nr. 3652 din 29.04.2013.<\/p>\t\t\t\t\t\t\t\t<\/div>\n\t\t\t\t<\/div>\n\t\t\t\t\t<\/div>\n\t\t<\/div>\n\t\t\t\t\t<\/div>\n\t\t<\/section>\n\t\t\t\t<div class=\"elementor-hidden e-display-original-content elementor-element elementor-element-796ba94 elementor-widget elementor-widget-image\" style=\"display:none\" data-id=\"796ba94\" data-element_type=\"widget\" data-e-type=\"widget\" id=\"loading\" data-widget_type=\"image.default\">\n\t\t\t\t<div class=\"elementor-widget-container\">\n\t\t\t\t\t\t\t\t\t\t\t\t\t\t\t<img loading=\"lazy\" decoding=\"async\" loading=\"lazy\" width=\"64\" height=\"64\" src=\"https:\/\/eadmitere.ro\/politie\/wp-content\/uploads\/2023\/04\/progress.svg\" class=\"attachment-full size-full wp-image-12486\" alt=\"Teste pentru admiterea \u00een academie sau \u0219colile de preg\u0103tire a agen\u021bilor \u0219i ofi\u021berilor de poli\u021bie, penitenciare, jandarmerie, pompieri\" \/>\t\t\t\t\t\t\t\t\t\t\t\t\t\t\t<\/div>\n\t\t\t\t<\/div>\n\t\t\t\t<div class=\"elementor-element elementor-element-f973153 elementor-widget-divider--view-line_icon elementor-view-default elementor-widget-divider--element-align-center elementor-widget elementor-widget-divider\" data-id=\"f973153\" data-element_type=\"widget\" data-e-type=\"widget\" data-widget_type=\"divider.default\">\n\t\t\t\t<div class=\"elementor-widget-container\">\n\t\t\t\t\t\t\t<div class=\"elementor-divider\">\n\t\t\t<span class=\"elementor-divider-separator\">\n\t\t\t\t\t\t\t<div class=\"elementor-icon elementor-divider__element\">\n\t\t\t\t\t<i aria-hidden=\"true\" class=\"fas fa-signature\"><\/i><\/div>\n\t\t\t\t\t\t<\/span>\n\t\t<\/div>\n\t\t\t\t\t\t<\/div>\n\t\t\t\t<\/div>\n\t\t\t\t<div class=\"elementor-element elementor-element-654d562 elementor-widget elementor-widget-text-editor\" data-id=\"654d562\" data-element_type=\"widget\" data-e-type=\"widget\" data-widget_type=\"text-editor.default\">\n\t\t\t\t<div class=\"elementor-widget-container\">\n\t\t\t\t\t\t\t\t\t<p>\u0218coala Militar\u0103 de Subofi\u021beri de Jandarmi \u201ePetru Rare\u0219\u201d F\u0103lticeni are misiunea onorant\u0103 de a educa \u0219i forma tinere caractere \u0219i personalit\u0103\u021bi \u00een spiritul datoriei, drept\u0103\u021bii, responsabilit\u0103\u021bii, instrui\u021bi pentru o carier\u0103 militar\u0103 de succes, devota\u021bi \u0219i mereu preg\u0103ti\u021bi s\u0103 serveasc\u0103 interesele \u021b\u0103rii.<\/p><p>De la un an la altul, ne afl\u0103m \u00eentr-un proces continuu de adaptare la noile cerin\u021be ale sistemului educa\u021bional iar satisfac\u021bia beneficiarilor privitoare la calitatea absolven\u021bilor no\u0219tri ne confer\u0103 certitudinea c\u0103 parcurgem un drum al evolu\u021biei institu\u021bionale, reu\u0219ind s\u0103 ne afirm\u0103m ca un furnizor de educa\u021bie credibil \u0219i atractiv pentru tinerii care doresc s\u0103 \u00eembrace uniforma militar\u0103.\u00a0\u00a0<\/p>\t\t\t\t\t\t\t\t<\/div>\n\t\t\t\t<\/div>\n\t\t\t\t<section class=\"elementor-section elementor-inner-section elementor-element elementor-element-00ece2d elementor-section-full_width elementor-section-height-default elementor-section-height-default\" data-id=\"00ece2d\" data-element_type=\"section\" data-e-type=\"section\">\n\t\t\t\t\t\t<div class=\"elementor-container elementor-column-gap-default\">\n\t\t\t\t\t<div class=\"elementor-column elementor-col-50 elementor-inner-column elementor-element elementor-element-8accb11\" data-id=\"8accb11\" data-element_type=\"column\" data-e-type=\"column\">\n\t\t\t<div class=\"elementor-widget-wrap elementor-element-populated\">\n\t\t\t\t\t\t<div class=\"elementor-element elementor-element-15fa5e0 elementor-widget elementor-widget-text-editor\" data-id=\"15fa5e0\" data-element_type=\"widget\" data-e-type=\"widget\" data-widget_type=\"text-editor.default\">\n\t\t\t\t<div class=\"elementor-widget-container\">\n\t\t\t\t\t\t\t\t\t<p>De la \u00eenceput ne-am asumat obliga\u021bia moral\u0103 de a transforma genera\u021bii de tineri entuzia\u0219ti \u00een oameni puternici, riguro\u0219i, demni de uniforma bleu-jandarm, preg\u0103ti\u021bi s\u0103-\u0219i \u00eendeplineasc\u0103 \u00een orice moment datoria \u0219i devota\u021bi institu\u021biei pe care o reprezint\u0103, oferindu-le un fundament solid pentru des\u0103v\u00e2r\u0219irea carierei profesionale \u0219i a propriei personalit\u0103\u021bi.<\/p><p>Genera\u021biile de absolven\u021bi care ne-au trecut pragul au f\u0103cut \u0219i fac, \u00een continuare, cinste numelui acestei \u0219coli, contribuind astfel la afirmarea \u0219i evolu\u021bia Jandarmeriei Rom\u00e2ne.<\/p>\t\t\t\t\t\t\t\t<\/div>\n\t\t\t\t<\/div>\n\t\t\t\t\t<\/div>\n\t\t<\/div>\n\t\t\t\t<div class=\"elementor-column elementor-col-50 elementor-inner-column elementor-element elementor-element-2613976\" data-id=\"2613976\" data-element_type=\"column\" data-e-type=\"column\">\n\t\t\t<div class=\"elementor-widget-wrap elementor-element-populated\">\n\t\t\t\t\t\t<div class=\"e-add-querytype-attachment e-add-queryskin-carousel elementor-element elementor-element-0807150 e-add-carousel-effect-cube e-add-carousel-direction-horizontal e-add-carousel-direction-horizontal e-add-posts-layout-default e-add-align-left elementor-widget elementor-widget-e-query-media\" data-id=\"0807150\" data-element_type=\"widget\" data-e-type=\"widget\" data-settings=\"{&quot;carousel_speed_slider&quot;:800,&quot;carousel_effects&quot;:&quot;cube&quot;,&quot;carousel_useAutoplay&quot;:&quot;yes&quot;,&quot;carousel_autoplay&quot;:2000,&quot;carousel_cube_shadow&quot;:&quot;yes&quot;,&quot;carousel_slideShadows&quot;:&quot;yes&quot;,&quot;carousel_direction_slider&quot;:&quot;horizontal&quot;,&quot;carousel_usePagination&quot;:&quot;yes&quot;,&quot;carousel_pagination_type&quot;:&quot;bullets&quot;,&quot;carousel_bullets_style&quot;:&quot;default&quot;,&quot;carousel_direction_pagination&quot;:&quot;horizontal&quot;,&quot;carousel_autoplayPauseOnHover&quot;:&quot;yes&quot;,&quot;carousel_spaceBetween&quot;:0,&quot;carousel_slidesOffsetBefore&quot;:0,&quot;carousel_slidesOffsetAfter&quot;:0,&quot;carousel_slidesPerColumnFill&quot;:&quot;row&quot;,&quot;carousel_allowTouchMove&quot;:&quot;yes&quot;,&quot;carousel_watchOverflow&quot;:&quot;yes&quot;}\" data-widget_type=\"e-query-media.carousel\">\n\t\t\t\t<div class=\"elementor-widget-container\">\n\t\t\t\t\t        <div class=\"e-add-carousel-container\">        <div class=\"e-add-posts-container e-add-posts  swiper-container e-add-skin-carousel \">\r\n                        <div class=\"e-add-posts-wrapper swiper-wrapper e-add-wrapper-carousel \">\r\n                        <article class=\"e-add-querytype-post e-add-post e-add-post-item e-add-post-item-0807150 swiper-slide e-add-item-carousel post-8702 attachment type-attachment status-inherit hentry\" data-post-id=\"8702\" data-index=\"0\">\r\n                        <div class=\"e-add-post-block e-add-post-block-0\">\r\n                <div class=\" e-add-item e-add-item_image elementor-repeater-item-e-add-media-image\" data-item-id=\"e-add-media-image\"><a class=\"e-add-post-image e-media-link elementor-clickable\" data-elementor-lightbox-slideshow=\"all-0807150\" href=\"http:\/\/eadmitere.ro\/politie\/wp-content\/uploads\/2023\/02\/falticeni-01.webp\"><figure class=\"e-add-img\"><img fetchpriority=\"high\" decoding=\"async\" width=\"768\" height=\"360\" src=\"https:\/\/eadmitere.ro\/politie\/wp-content\/uploads\/2023\/02\/falticeni-01-768x360.webp\" class=\"attachment-medium_large size-medium_large wp-image-8702\" alt=\"\u0218coala Militar\u0103 de Subofi\u021beri de Jandarmi \u201ePetru Rare\u0219\u201d F\u0103lticeni preg\u0103te\u0219te at\u00e2t b\u0103rba\u021bi c\u00e2t \u0219i femei oferindu-le un fundament solid pentru des\u0103v\u00e2r\u0219irea carierei profesionale \u0219i a propriei personalit\u0103\u021bi.\" srcset=\"https:\/\/eadmitere.ro\/politie\/wp-content\/uploads\/2023\/02\/falticeni-01-768x360.webp 768w, https:\/\/eadmitere.ro\/politie\/wp-content\/uploads\/2023\/02\/falticeni-01-300x141.webp 300w, https:\/\/eadmitere.ro\/politie\/wp-content\/uploads\/2023\/02\/falticeni-01-1024x480.webp 1024w, https:\/\/eadmitere.ro\/politie\/wp-content\/uploads\/2023\/02\/falticeni-01.webp 1280w\" sizes=\"(max-width: 768px) 100vw, 768px\" \/><\/figure><\/a><\/div>            <\/div>\r\n                    <\/article>\r\n                <article class=\"e-add-querytype-post e-add-post e-add-post-item e-add-post-item-0807150 swiper-slide e-add-item-carousel post-8703 attachment type-attachment status-inherit hentry\" data-post-id=\"8703\" data-index=\"1\">\r\n                        <div class=\"e-add-post-block e-add-post-block-1\">\r\n                <div class=\" e-add-item e-add-item_image elementor-repeater-item-e-add-media-image\" data-item-id=\"e-add-media-image\"><a class=\"e-add-post-image e-media-link elementor-clickable\" data-elementor-lightbox-slideshow=\"all-0807150\" href=\"http:\/\/eadmitere.ro\/politie\/wp-content\/uploads\/2023\/02\/falticeni-02.webp\"><figure class=\"e-add-img\"><img decoding=\"async\" width=\"768\" height=\"360\" src=\"https:\/\/eadmitere.ro\/politie\/wp-content\/uploads\/2023\/02\/falticeni-02-768x360.webp\" class=\"attachment-medium_large size-medium_large wp-image-8703\" alt=\"\u015ecoala Militar\u0103 de Subofi\u0163eri de Jandarmi \u201cPetru Rare\u0219\u201d F\u0103lticeni are misiunea de a forma elevii jandarmi, care primesc la absolvire primul grad de subofi\u0163er, cel de sergent major.\" srcset=\"https:\/\/eadmitere.ro\/politie\/wp-content\/uploads\/2023\/02\/falticeni-02-768x360.webp 768w, https:\/\/eadmitere.ro\/politie\/wp-content\/uploads\/2023\/02\/falticeni-02-300x141.webp 300w, https:\/\/eadmitere.ro\/politie\/wp-content\/uploads\/2023\/02\/falticeni-02-1024x480.webp 1024w, https:\/\/eadmitere.ro\/politie\/wp-content\/uploads\/2023\/02\/falticeni-02.webp 1280w\" sizes=\"(max-width: 768px) 100vw, 768px\" \/><\/figure><\/a><\/div>            <\/div>\r\n                    <\/article>\r\n                <article class=\"e-add-querytype-post e-add-post e-add-post-item e-add-post-item-0807150 swiper-slide e-add-item-carousel post-8704 attachment type-attachment status-inherit hentry\" data-post-id=\"8704\" data-index=\"2\">\r\n                        <div class=\"e-add-post-block e-add-post-block-2\">\r\n                <div class=\" e-add-item e-add-item_image elementor-repeater-item-e-add-media-image\" data-item-id=\"e-add-media-image\"><a class=\"e-add-post-image e-media-link elementor-clickable\" data-elementor-lightbox-slideshow=\"all-0807150\" href=\"http:\/\/eadmitere.ro\/politie\/wp-content\/uploads\/2023\/02\/falticeni-03.webp\"><figure class=\"e-add-img\"><img decoding=\"async\" width=\"768\" height=\"360\" src=\"https:\/\/eadmitere.ro\/politie\/wp-content\/uploads\/2023\/02\/falticeni-03-768x360.webp\" class=\"attachment-medium_large size-medium_large wp-image-8704\" alt=\"Genera\u021biile de absolven\u021bi care ne-au trecut pragul au f\u0103cut \u0219i fac, \u00een continuare, cinste numelui acestei \u0219coli, contribuind astfel la afirmarea \u0219i evolu\u021bia Jandarmeriei Rom\u00e2ne.\" srcset=\"https:\/\/eadmitere.ro\/politie\/wp-content\/uploads\/2023\/02\/falticeni-03-768x360.webp 768w, https:\/\/eadmitere.ro\/politie\/wp-content\/uploads\/2023\/02\/falticeni-03-300x141.webp 300w, https:\/\/eadmitere.ro\/politie\/wp-content\/uploads\/2023\/02\/falticeni-03-1024x480.webp 1024w, https:\/\/eadmitere.ro\/politie\/wp-content\/uploads\/2023\/02\/falticeni-03.webp 1280w\" sizes=\"(max-width: 768px) 100vw, 768px\" \/><\/figure><\/a><\/div>            <\/div>\r\n                    <\/article>\r\n                <article class=\"e-add-querytype-post e-add-post e-add-post-item e-add-post-item-0807150 swiper-slide e-add-item-carousel post-8705 attachment type-attachment status-inherit hentry\" data-post-id=\"8705\" data-index=\"3\">\r\n                        <div class=\"e-add-post-block e-add-post-block-3\">\r\n                <div class=\" e-add-item e-add-item_image elementor-repeater-item-e-add-media-image\" data-item-id=\"e-add-media-image\"><a class=\"e-add-post-image e-media-link elementor-clickable\" data-elementor-lightbox-slideshow=\"all-0807150\" href=\"http:\/\/eadmitere.ro\/politie\/wp-content\/uploads\/2023\/02\/falticeni-04.webp\"><figure class=\"e-add-img\"><img loading=\"lazy\" decoding=\"async\" width=\"768\" height=\"360\" src=\"https:\/\/eadmitere.ro\/politie\/wp-content\/uploads\/2023\/02\/falticeni-04-768x360.webp\" class=\"attachment-medium_large size-medium_large wp-image-8705\" alt=\"Elevii \u0218colii Militare de Subofi\u021beri de Jandarmi \u201ePetru Rare\u0219\u201d F\u0103lticeni sunt preg\u0103ti\u021bi s\u0103 fac\u0103 fa\u021b\u0103 oric\u0103ror misiuni \u00eencredin\u021bate, indiferent de complexitatea \u0219i dificultatea acestora.\" srcset=\"https:\/\/eadmitere.ro\/politie\/wp-content\/uploads\/2023\/02\/falticeni-04-768x360.webp 768w, https:\/\/eadmitere.ro\/politie\/wp-content\/uploads\/2023\/02\/falticeni-04-300x141.webp 300w, https:\/\/eadmitere.ro\/politie\/wp-content\/uploads\/2023\/02\/falticeni-04-1024x480.webp 1024w, https:\/\/eadmitere.ro\/politie\/wp-content\/uploads\/2023\/02\/falticeni-04.webp 1280w\" sizes=\"(max-width: 768px) 100vw, 768px\" \/><\/figure><\/a><\/div>            <\/div>\r\n                    <\/article>\r\n                <article class=\"e-add-querytype-post e-add-post e-add-post-item e-add-post-item-0807150 swiper-slide e-add-item-carousel post-8706 attachment type-attachment status-inherit hentry\" data-post-id=\"8706\" data-index=\"4\">\r\n                        <div class=\"e-add-post-block e-add-post-block-4\">\r\n                <div class=\" e-add-item e-add-item_image elementor-repeater-item-e-add-media-image\" data-item-id=\"e-add-media-image\"><a class=\"e-add-post-image e-media-link elementor-clickable\" data-elementor-lightbox-slideshow=\"all-0807150\" href=\"http:\/\/eadmitere.ro\/politie\/wp-content\/uploads\/2023\/02\/falticeni-05.webp\"><figure class=\"e-add-img\"><img loading=\"lazy\" decoding=\"async\" width=\"768\" height=\"360\" src=\"https:\/\/eadmitere.ro\/politie\/wp-content\/uploads\/2023\/02\/falticeni-05-768x360.webp\" class=\"attachment-medium_large size-medium_large wp-image-8706\" alt=\"Ziua de 01.03.1877 r\u0103m\u00e2ne memorabil\u0103 \u00een istoria \u0218colii Militare de Subofi\u021beri de Jandarmi \u201ePetru Rare\u0219\u201d F\u0103lticeni prin constituirea Regimentului 16 Doroban\u0163i, care, la data de 15.04.1889, \u00ee\u015fi stabile\u015fte garnizoana la F\u0103lticeni, unde se pun bazele Batalionului 1, moment \u00een care un al doilea batalion se \u00eenfiin\u021beaz\u0103 la Boto\u015fani. \u00cen aprilie 1891, Regimentul devine unitate de sine st\u0103t\u0103toare cu re\u015fedin\u0163a definitiv\u0103 la F\u0103lticeni sub numele de ,,Regimentul 16 Doroban\u0163i Suceava\u201d iar cazarma actual\u0103 din F\u0103lticeni se construie\u015fte \u00een 1898.\" srcset=\"https:\/\/eadmitere.ro\/politie\/wp-content\/uploads\/2023\/02\/falticeni-05-768x360.webp 768w, https:\/\/eadmitere.ro\/politie\/wp-content\/uploads\/2023\/02\/falticeni-05-300x141.webp 300w, https:\/\/eadmitere.ro\/politie\/wp-content\/uploads\/2023\/02\/falticeni-05-1024x480.webp 1024w, https:\/\/eadmitere.ro\/politie\/wp-content\/uploads\/2023\/02\/falticeni-05.webp 1280w\" sizes=\"(max-width: 768px) 100vw, 768px\" \/><\/figure><\/a><\/div>            <\/div>\r\n                    <\/article>\r\n                <article class=\"e-add-querytype-post e-add-post e-add-post-item e-add-post-item-0807150 swiper-slide e-add-item-carousel post-8707 attachment type-attachment status-inherit hentry\" data-post-id=\"8707\" data-index=\"5\">\r\n                        <div class=\"e-add-post-block e-add-post-block-5\">\r\n                <div class=\" e-add-item e-add-item_image elementor-repeater-item-e-add-media-image\" data-item-id=\"e-add-media-image\"><a class=\"e-add-post-image e-media-link elementor-clickable\" data-elementor-lightbox-slideshow=\"all-0807150\" href=\"http:\/\/eadmitere.ro\/politie\/wp-content\/uploads\/2023\/02\/falticeni-06.webp\"><figure class=\"e-add-img\"><img loading=\"lazy\" decoding=\"async\" width=\"768\" height=\"360\" src=\"https:\/\/eadmitere.ro\/politie\/wp-content\/uploads\/2023\/02\/falticeni-06-768x360.webp\" class=\"attachment-medium_large size-medium_large wp-image-8707\" alt=\"Din 01.09.1990 se pun bazele \u201eCentrului de Instruc\u0163ie Jandarmi\u201d ale c\u0103rui misiuni principale constau \u00een preg\u0103tirea de efective de militari necesare pazei \u015fi ap\u0103r\u0103rii obiectivelor de importan\u0163\u0103 deosebit\u0103, c\u00e2t \u0219i perfec\u021bionarea cadrelor militare prin cursuri specifice, pentru a r\u0103spunde nevoilor Comandamentului Na\u0163ional al Jandarmeriei.\" srcset=\"https:\/\/eadmitere.ro\/politie\/wp-content\/uploads\/2023\/02\/falticeni-06-768x360.webp 768w, https:\/\/eadmitere.ro\/politie\/wp-content\/uploads\/2023\/02\/falticeni-06-300x141.webp 300w, https:\/\/eadmitere.ro\/politie\/wp-content\/uploads\/2023\/02\/falticeni-06-1024x480.webp 1024w, https:\/\/eadmitere.ro\/politie\/wp-content\/uploads\/2023\/02\/falticeni-06.webp 1280w\" sizes=\"(max-width: 768px) 100vw, 768px\" \/><\/figure><\/a><\/div>            <\/div>\r\n                    <\/article>\r\n                    <\/div>\r\n                    <\/div>\r\n        <div class=\"e-add-carousel-controls\" data-post-id=\"8707\"><div class=\"e-add-container-pagination swiper-container-horizontal\"><div class=\"swiper-pagination pagination-0807150-8707 e-add-nav-style nav--default\"><\/div><\/div><\/div><\/div>        \t\t\t\t<\/div>\n\t\t\t\t<\/div>\n\t\t\t\t\t<\/div>\n\t\t<\/div>\n\t\t\t\t\t<\/div>\n\t\t<\/section>\n\t\t\t\t<div class=\"elementor-element elementor-element-1fd0edd elementor-widget elementor-widget-text-editor\" data-id=\"1fd0edd\" data-element_type=\"widget\" data-e-type=\"widget\" data-widget_type=\"text-editor.default\">\n\t\t\t\t<div class=\"elementor-widget-container\">\n\t\t\t\t\t\t\t\t\t<p>Ave\u021bi \u00eencredere \u00een noi \u0219i convingerea c\u0103 \u0219coala noastr\u0103 reprezint\u0103 op\u021biunea pentru un viitor profesional plin de perspective \u0219i provoc\u0103ri.<\/p>\t\t\t\t\t\t\t\t<\/div>\n\t\t\t\t<\/div>\n\t\t\t\t<div class=\"elementor-element elementor-element-cf9bbbe elementor-widget elementor-widget-heading\" data-id=\"cf9bbbe\" data-element_type=\"widget\" data-e-type=\"widget\" data-widget_type=\"heading.default\">\n\t\t\t\t<div class=\"elementor-widget-container\">\n\t\t\t\t\t<h2 class=\"elementor-heading-title elementor-size-default\"><a href=\"https:\/\/www.jandarmeriafalticeni.ro\/\" target=\"_blank\">* Textele \u0219i fotografiile de prezentare au fost preluate \u0219i adaptate de pe <span class=\"tooltip\">website-ul<\/span><br>\u0218colii Militare de Subofi\u021beri de Jandarmi \u201ePetru Rare\u0219\u201d F\u0103lticeni<\/a><\/h2>\t\t\t\t<\/div>\n\t\t\t\t<\/div>\n\t\t\t\t<div class=\"elementor-element elementor-element-ddf543c elementor-widget elementor-widget-text-editor\" data-id=\"ddf543c\" data-element_type=\"widget\" data-e-type=\"widget\" data-widget_type=\"text-editor.default\">\n\t\t\t\t<div class=\"elementor-widget-container\">\n\t\t\t\t\t\t\t\t\t<p><strong>Mai multe articole pe aceast\u0103 tem\u0103:<\/strong><\/p><ul><li><a href=\"https:\/\/eadmitere.ro\/politie\/ce-scoli-de-jandarmi-sunt-in-romania\/\">Ce \u0219coli de jandarmi sunt \u00een Rom\u00e2nia?<\/a><\/li><li><a href=\"https:\/\/eadmitere.ro\/politie\/scoala-militara-de-subofiteri-de-jandarmi-petru-rares\/\">\u0218coala Militar\u0103 de Subofi\u021beri de Jandarmi \u201ePetru Rare\u0219&#8221;<\/a><\/li><li><a href=\"https:\/\/eadmitere.ro\/politie\/scoala-militara-de-subofiteri-jandarmi-petru-rares-falticeni-o-istorie-de-excelenta-si-devotament\/\">\u0218coala Militar\u0103 de Subofi\u021beri Jandarmi \u201ePetru Rare\u0219\u201d F\u0103lticeni: O istorie de excelen\u021b\u0103 \u0219i devotament<\/a><\/li><li><a href=\"https:\/\/eadmitere.ro\/politie\/cine-a-fost-petru-rares\/\">Cine a fost Petru Rare\u0219?<\/a><\/li><li><a href=\"https:\/\/eadmitere.ro\/politie\/politist-vs-jandarm\/\">POLI\u021aIST vs. JANDARM<\/a><\/li><li><a href=\"https:\/\/eadmitere.ro\/politie\/cine-este-ocrotitorul-spiritual-al-jandarmilor\/\">Cine este ocrotitorul spiritual al Jandarmilor?<\/a><\/li><li><a href=\"https:\/\/eadmitere.ro\/politie\/cine-a-fost-sfantul-mare-mucenic-gheorghe\/\">Cine a fost Sf\u00e2ntul Gheorghe?<\/a><\/li><li><a href=\"https:\/\/eadmitere.ro\/politie\/3-aprilie-ziua-jandarmeriei-romane\/\">3 aprilie \u21ac Ziua Jandarmeriei Rom\u00e2ne<\/a><\/li><li><a href=\"https:\/\/eadmitere.ro\/politie\/de-ce-este-importanta-legislatia-specifica-la-admiterea-in-scolile-de-pregatire-a-politistilor-si-jandarmilor\/\">De ce este important\u0103 legisla\u021bia specific\u0103 la admiterea \u00een \u0219colile de preg\u0103tire a poli\u021bi\u0219tilor \u0219i jandarmilor?<\/a><\/li><li><a href=\"https:\/\/eadmitere.ro\/politie\/de-ce-este-important-rationamentul-logic-la-admiterea-in-scolile-de-politie-si-jandarmi\/\">De ce este important ra\u021bionamentul logic la admiterea \u00een \u0219colile de poli\u021bie \u0219i jandarmi?<\/a><\/li><li><a href=\"https:\/\/eadmitere.ro\/politie\/de-ce-este-importanta-educatia-civica-la-admiterea-la-scolile-de-politie-si-jandarmi\/\">De ce este important\u0103 educa\u021bia civic\u0103 la admiterea \u00een \u0219colile de poli\u021bie \u0219i jandarmi?<\/a><\/li><li><a href=\"https:\/\/eadmitere.ro\/politie\/de-ce-este-importanta-limba-romana-la-admiterea-in-politie\/\">De ce este important\u0103 limba rom\u00e2n\u0103 la admiterea \u00een poli\u021bie \u0219i jandarmerie?<\/a><\/li><li><a href=\"https:\/\/eadmitere.ro\/politie\/de-ce-este-importanta-limba-engleza-la-admiterea-in-politie\/\">De ce este important\u0103 limba englez\u0103 la admiterea \u00een poli\u021bie \u0219i jandarmerie?<\/a><\/li><li><a href=\"https:\/\/eadmitere.ro\/politie\/de-ce-este-importanta-limba-franceza-la-admiterea-in-politie\/\">De ce este important\u0103 limba francez\u0103 la admiterea \u00een poli\u021bie \u0219i jandarmerie?<\/a><\/li><li><a href=\"https:\/\/eadmitere.ro\/politie\/de-ce-este-importanta-testarea-psihologica-la-admiterea-in-scolile-de-politie-jandarmi-si-pompieri\/\">De ce este important\u0103 testarea psihologic\u0103 la admiterea \u00een \u0219colile de poli\u021bie, jandarmi \u0219i pompieri?<\/a><\/li><\/ul>\t\t\t\t\t\t\t\t<\/div>\n\t\t\t\t<\/div>\n\t\t\t\t<div class=\"elementor-element elementor-element-8296dd6 elementor-widget elementor-widget-heading\" data-id=\"8296dd6\" data-element_type=\"widget\" data-e-type=\"widget\" data-widget_type=\"heading.default\">\n\t\t\t\t<div class=\"elementor-widget-container\">\n\t\t\t\t\t<h3 class=\"elementor-heading-title elementor-size-default\"><a href=\"#top\">sus <i class=\"fa fa-arrow-up\" aria-hidden=\"true\"><\/i><\/a><\/h3>\t\t\t\t<\/div>\n\t\t\t\t<\/div>\n\t\t\t\t\t<\/div>\n\t\t<\/div>\n\t\t\t\t\t<\/div>\n\t\t<\/section>\n\t\t\t\t<\/div>\n\t\t","protected":false},"excerpt":{"rendered":"<p>\u0218coala Militar\u0103 de Subofi\u021beri de Jandarmi \u201ePetru Rare\u0219\u201d F\u0103lticeni Acta, Non Verba La 01.11.2008, unitatea noastr\u0103 devine \u015ecoala Militar\u0103 de Subofi\u0163eri de Jandarmi \u201ePetru Rare\u0219\u201d F\u0103lticeni, conform ordinului MIRA nr. I\/0619\/31.10.2008, cu misiunea de a forma elevii jandarmi, care primesc la absolvire primul grad de subofi\u0163er, cel de sergent major. Ulterior a devenit institu\u0163ie de [&hellip;]<\/p>\n","protected":false},"author":1,"featured_media":8635,"parent":0,"menu_order":0,"comment_status":"closed","ping_status":"closed","template":"","meta":{"_seopress_robots_primary_cat":"","_seopress_titles_title":"\u0218coala Militar\u0103 de Subofi\u021beri de Jandarmi \u201ePetru Rare\u0219\u201d - F\u0103lticeni","_seopress_titles_desc":"\u0218coala Militar\u0103 de Subofi\u021beri de Jandarmi \u201ePetru Rare\u0219\u201d - F\u0103lticeni are misiunea onorant\u0103 de a educa \u0219i forma tineri instrui\u021bi pentru o carier\u0103 militar\u0103 de","_seopress_robots_index":"","inline_featured_image":false,"footnotes":""},"class_list":["post-8208","page","type-page","status-publish","has-post-thumbnail","hentry"],"_links":{"self":[{"href":"https:\/\/eadmitere.ro\/politie\/wp-json\/wp\/v2\/pages\/8208","targetHints":{"allow":["GET"]}}],"collection":[{"href":"https:\/\/eadmitere.ro\/politie\/wp-json\/wp\/v2\/pages"}],"about":[{"href":"https:\/\/eadmitere.ro\/politie\/wp-json\/wp\/v2\/types\/page"}],"author":[{"embeddable":true,"href":"https:\/\/eadmitere.ro\/politie\/wp-json\/wp\/v2\/users\/1"}],"replies":[{"embeddable":true,"href":"https:\/\/eadmitere.ro\/politie\/wp-json\/wp\/v2\/comments?post=8208"}],"version-history":[{"count":0,"href":"https:\/\/eadmitere.ro\/politie\/wp-json\/wp\/v2\/pages\/8208\/revisions"}],"wp:featuredmedia":[{"embeddable":true,"href":"https:\/\/eadmitere.ro\/politie\/wp-json\/wp\/v2\/media\/8635"}],"wp:attachment":[{"href":"https:\/\/eadmitere.ro\/politie\/wp-json\/wp\/v2\/media?parent=8208"}],"curies":[{"name":"wp","href":"https:\/\/api.w.org\/{rel}","templated":true}]}}