{"id":9264,"date":"2023-02-18T12:12:53","date_gmt":"2023-02-18T10:12:53","guid":{"rendered":"http:\/\/eadmitere.ro\/politie\/?page_id=9264"},"modified":"2023-12-13T09:09:26","modified_gmt":"2023-12-13T07:09:26","slug":"prezentarea-academiei-de-politie-alexandru-ioan-cuza-facultatea-de-pompieri","status":"publish","type":"page","link":"https:\/\/eadmitere.ro\/politie\/prezentarea-academiei-de-politie-alexandru-ioan-cuza-facultatea-de-pompieri\/","title":{"rendered":"Prezentarea Academiei de Poli\u0163ie \u201eAlexandru Ioan Cuza\u201d &#8211; Facultatea de pompieri"},"content":{"rendered":"\t\t<div data-elementor-type=\"wp-page\" data-elementor-id=\"9264\" class=\"elementor elementor-9264\" data-elementor-post-type=\"page\">\n\t\t\t\t\t\t<section class=\"elementor-section elementor-top-section elementor-element elementor-element-5ecb508 elementor-section-full_width animated-slow elementor-hidden-mobile elementor-section-height-default elementor-section-height-default elementor-invisible\" data-id=\"5ecb508\" data-element_type=\"section\" data-e-type=\"section\" data-settings=\"{&quot;animation&quot;:&quot;fadeIn&quot;}\">\n\t\t\t\t\t\t<div class=\"elementor-container elementor-column-gap-default\">\n\t\t\t\t\t<div class=\"elementor-column elementor-col-100 elementor-top-column elementor-element elementor-element-24dbd61\" data-id=\"24dbd61\" data-element_type=\"column\" data-e-type=\"column\">\n\t\t\t<div class=\"elementor-widget-wrap elementor-element-populated\">\n\t\t\t\t\t\t<div class=\"elementor-element elementor-element-0495711 elementor-mobile-button-align-center elementor-button-align-stretch elementor-widget elementor-widget-form\" data-id=\"0495711\" data-element_type=\"widget\" data-e-type=\"widget\" data-settings=\"{&quot;button_width_mobile&quot;:&quot;30&quot;,&quot;step_next_label&quot;:&quot;Next&quot;,&quot;step_previous_label&quot;:&quot;Previous&quot;,&quot;button_width&quot;:&quot;100&quot;,&quot;step_type&quot;:&quot;number_text&quot;,&quot;step_icon_shape&quot;:&quot;circle&quot;}\" data-widget_type=\"form.default\">\n\t\t\t\t<div class=\"elementor-widget-container\">\n\t\t\t\t\t\t\t<form class=\"elementor-form\" method=\"post\" id=\"id_form_selecteaza\" name=\"Selecteaz\u0103 scoala\" aria-label=\"Selecteaz\u0103 scoala\">\n\t\t\t<input type=\"hidden\" name=\"post_id\" value=\"9264\"\/>\n\t\t\t<input type=\"hidden\" name=\"form_id\" value=\"0495711\"\/>\n\t\t\t<input type=\"hidden\" name=\"referer_title\" value=\"\" \/>\n\n\t\t\t\n\t\t\t<div class=\"elementor-form-fields-wrapper elementor-labels-\">\n\t\t\t\t\t\t\t\t<div class=\"elementor-field-type-select elementor-field-group elementor-column elementor-field-group-sectiune elementor-field-type-select2 e-onchange elementor-repeater-item-0778d21 elementor-col-100 elementor-sm-100\">\n\t\t\t\t\t\t\t\t\t\t\t\t<label for=\"form-field-sectiune\" class=\"elementor-field-label elementor-screen-only\">\n\t\t\t\t\t\t\t\tScoala\t\t\t\t\t\t\t<\/label>\n\t\t\t\t\t\t\t\t<div class=\"elementor-field elementor-select-wrapper remove-before \">\n\t\t\t<div class=\"select-caret-down-wrapper\">\n\t\t\t\t<i aria-hidden=\"true\" class=\"eicon-caret-down\"><\/i>\t\t\t<\/div>\n\t\t\t<select name=\"form_fields[sectiune]\" id=\"form-field-sectiune\" data-placeholder=\"Selecteaz\u0103 institu\u021bia de \u00eenv\u0103\u021b\u0103m\u00e2nt\" class=\"e-select2 elementor-field-textual elementor-size-xs\">\n\t\t\t\t\t\t\t\t\t<optgroup label=\"Ofi\u021beri\">\n\t\t\t\t\t\t\t\t\t<option value=\"8238\">Academia de Poli\u0163ie \u201eAlexandru Ioan Cuza\u201d - Facultatea de poli\u021bie<\/option>\n\t\t\t\t\t\t\t\t\t<\/optgroup><optgroup label=\"Agen\u021bi \u0219i subofi\u021beri\">\n\t\t\t\t\t\t\t\t\t<option value=\"8233\">\u015ecoala de Agen\u0163i de Poli\u0163ie \u201eSeptimiu Mure\u015fan\u201d - Cluj Napoca<\/option>\n\t\t\t\t\t\t\t\t\t<option value=\"8228\">\u015ecoala de Agen\u0163i de Poli\u0163ie \u201eVasile Lasc\u0103r\u201d - C\u00e2mpina<\/option>\n\t\t\t\t\t\t\t\t\t<option value=\"8223\">\u015ecoala de Preg\u0103tire a Agen\u0163ilor Poli\u0163iei de Frontier\u0103 \u201eAvram Iancu\u201d - Oradea<\/option>\n\t\t\t\t\t\t\t\t\t<option value=\"8218\">\u015ecoala de Subofi\u0163eri Pompieri \u015fi Protec\u0163ie Civil\u0103 \u201ePavel Z\u0103g\u0103nescu\u201d - Bolde\u015fti<\/option>\n\t\t\t\t\t\t\t\t\t<option value=\"8213\">\u015ecoala Militar\u0103 de Subofi\u0163eri de Jandarmi \u201eGrigore Alexandru Ghica\u201d - Dr\u0103g\u0103\u015fani<\/option>\n\t\t\t\t\t\t\t\t\t<option value=\"8208\">\u015ecoala Militar\u0103 de Subofi\u0163eri Jandarmi \u201ePetru Rare\u0219\u201d - F\u0103lticeni<\/option>\n\t\t\t\t\t\t\t\t\t<option value=\"8202\">\u015ecoala Na\u0163ional\u0103 de Preg\u0103tire a Agen\u0163ilor de Penitenciare \u201eConstantin Br\u00e2ncoveanu&quot; - T\u00e2rgu Ocna<\/option><\/optgroup>\n\t\t\t\t\t\t\t<\/select>\n\t\t<\/div>\n\t\t\t\t\t\t<\/div>\n\t\t\t\t\t\t\t\t<div class=\"elementor-field-group elementor-column elementor-field-type-submit elementor-col-100 e-form__buttons elementor-sm-30\">\n\t\t\t\t\t<button class=\"elementor-button elementor-size-sm\" type=\"submit\">\n\t\t\t\t\t\t<span class=\"elementor-button-content-wrapper\">\n\t\t\t\t\t\t\t\t\t\t\t\t\t\t\t\t\t\t\t\t\t\t<span class=\"elementor-button-text\">Send<\/span>\n\t\t\t\t\t\t\t\t\t\t\t\t\t<\/span>\n\t\t\t\t\t<\/button>\n\t\t\t\t<\/div>\n\t\t\t<\/div>\n\t\t<\/form>\n\t\t<style>.elementor-element-0495711 form > .elementor-form-fields-wrapper > .elementor-field-type-submit:last-child,.elementor-element-0495711 form > .elementor-form-fields-wrapper > .elementor-field-type-step:last-child > .e-form__buttons > .elementor-field-type-submit{ display: none; }<\/style>\t\t\t\t<\/div>\n\t\t\t\t<\/div>\n\t\t\t\t<div class=\"elementor-element elementor-element-65e112e elementor-widget elementor-widget-heading\" data-id=\"65e112e\" data-element_type=\"widget\" data-e-type=\"widget\" data-widget_type=\"heading.default\">\n\t\t\t\t<div class=\"elementor-widget-container\">\n\t\t\t\t\t<h1 class=\"elementor-heading-title elementor-size-default\">Academia de Poli\u0163ie \u201eAlexandru Ioan Cuza\u201d<br>Facultatea de pompieri<\/h1>\t\t\t\t<\/div>\n\t\t\t\t<\/div>\n\t\t\t\t<div class=\"elementor-element elementor-element-a1dfd2f elementor-widget elementor-widget-heading\" data-id=\"a1dfd2f\" data-element_type=\"widget\" data-e-type=\"widget\" data-widget_type=\"heading.default\">\n\t\t\t\t<div class=\"elementor-widget-container\">\n\t\t\t\t\t<h2 class=\"elementor-heading-title elementor-size-default\">Per Scientiam Pro Patria\n\n <\/h2>\t\t\t\t<\/div>\n\t\t\t\t<\/div>\n\t\t\t\t<section class=\"elementor-section elementor-inner-section elementor-element elementor-element-ad30fd0 elementor-section-full_width elementor-section-height-default elementor-section-height-default\" data-id=\"ad30fd0\" data-element_type=\"section\" data-e-type=\"section\">\n\t\t\t\t\t\t<div class=\"elementor-container elementor-column-gap-default\">\n\t\t\t\t\t<div class=\"elementor-column elementor-col-50 elementor-inner-column elementor-element elementor-element-7003f57\" data-id=\"7003f57\" data-element_type=\"column\" data-e-type=\"column\">\n\t\t\t<div class=\"elementor-widget-wrap elementor-element-populated\">\n\t\t\t\t\t\t<div class=\"elementor-element elementor-element-3bb6de5 elementor-widget elementor-widget-image\" data-id=\"3bb6de5\" data-element_type=\"widget\" data-e-type=\"widget\" data-widget_type=\"image.default\">\n\t\t\t\t<div class=\"elementor-widget-container\">\n\t\t\t\t\t\t\t\t\t\t\t\t\t\t\t\t<a href=\"https:\/\/academiadepolitie.ro\/facultatea-de-pompieri\/\" target=\"_blank\">\n\t\t\t\t\t\t\t<img loading=\"lazy\" decoding=\"async\" loading=\"lazy\" width=\"300\" height=\"300\" src=\"https:\/\/eadmitere.ro\/politie\/wp-content\/uploads\/2023\/02\/logo-academia-de-politie-alexandru-ioan-cuza-facultatea-de-pompieri-300x300.webp\" class=\"attachment-medium size-medium wp-image-9349\" alt=\"Academia de Poli\u0163ie \u201eAlexandru Ioan Cuza\u201d - Facultatea de Pompieri\" srcset=\"https:\/\/eadmitere.ro\/politie\/wp-content\/uploads\/2023\/02\/logo-academia-de-politie-alexandru-ioan-cuza-facultatea-de-pompieri.webp 300w, https:\/\/eadmitere.ro\/politie\/wp-content\/uploads\/2023\/02\/logo-academia-de-politie-alexandru-ioan-cuza-facultatea-de-pompieri-150x150.webp 150w\" sizes=\"auto, (max-width: 300px) 100vw, 300px\" \/>\t\t\t\t\t\t\t\t<\/a>\n\t\t\t\t\t\t\t\t\t\t\t\t\t\t\t<\/div>\n\t\t\t\t<\/div>\n\t\t\t\t\t<\/div>\n\t\t<\/div>\n\t\t\t\t<div class=\"elementor-column elementor-col-50 elementor-inner-column elementor-element elementor-element-91cc6f5\" data-id=\"91cc6f5\" data-element_type=\"column\" data-e-type=\"column\">\n\t\t\t<div class=\"elementor-widget-wrap elementor-element-populated\">\n\t\t\t\t\t\t<div class=\"elementor-element elementor-element-0485077 elementor-widget elementor-widget-text-editor\" data-id=\"0485077\" data-element_type=\"widget\" data-e-type=\"widget\" data-widget_type=\"text-editor.default\">\n\t\t\t\t<div class=\"elementor-widget-container\">\n\t\t\t\t\t\t\t\t\t<p><strong>Facultatea de Pompieri<\/strong> este o institu\u021bie militar\u0103 de \u00eenv\u0103\u021b\u0103m\u00e2nt superior care asigur\u0103 formarea ini\u021bial\u0103 \u0219i continu\u0103 la nivel universitar pentru unit\u0103\u021bile operative ale I.G.S.U. (Inspectoratul General pentru Situa\u021bii de Urgen\u021b\u0103).<\/p><p>Formarea viitorilor ofi\u021beri \u00een Facultatea de Pompieri are un caracter complex \u0219i original, care nu se suprapune cu niciun program de preg\u0103tire din alte institu\u021bii de \u00eenv\u0103\u021b\u0103m\u00e2nt superior de stat sau particular din \u021bar\u0103.<\/p>\t\t\t\t\t\t\t\t<\/div>\n\t\t\t\t<\/div>\n\t\t\t\t\t<\/div>\n\t\t<\/div>\n\t\t\t\t\t<\/div>\n\t\t<\/section>\n\t\t\t\t<div class=\"elementor-hidden e-display-original-content elementor-element elementor-element-06a2d7e elementor-widget elementor-widget-image\" style=\"display:none\" data-id=\"06a2d7e\" data-element_type=\"widget\" data-e-type=\"widget\" id=\"loading\" data-widget_type=\"image.default\">\n\t\t\t\t<div class=\"elementor-widget-container\">\n\t\t\t\t\t\t\t\t\t\t\t\t\t\t\t<img loading=\"lazy\" decoding=\"async\" loading=\"lazy\" width=\"64\" height=\"64\" src=\"https:\/\/eadmitere.ro\/politie\/wp-content\/uploads\/2023\/04\/progress.svg\" class=\"attachment-full size-full wp-image-12486\" alt=\"Teste pentru admiterea \u00een academie sau \u0219colile de preg\u0103tire a agen\u021bilor \u0219i ofi\u021berilor de poli\u021bie, penitenciare, jandarmerie, pompieri\" \/>\t\t\t\t\t\t\t\t\t\t\t\t\t\t\t<\/div>\n\t\t\t\t<\/div>\n\t\t\t\t<div class=\"elementor-element elementor-element-bffd340 elementor-widget-divider--view-line_icon elementor-view-default elementor-widget-divider--element-align-center elementor-widget elementor-widget-divider\" data-id=\"bffd340\" data-element_type=\"widget\" data-e-type=\"widget\" data-widget_type=\"divider.default\">\n\t\t\t\t<div class=\"elementor-widget-container\">\n\t\t\t\t\t\t\t<div class=\"elementor-divider\">\n\t\t\t<span class=\"elementor-divider-separator\">\n\t\t\t\t\t\t\t<div class=\"elementor-icon elementor-divider__element\">\n\t\t\t\t\t<i aria-hidden=\"true\" class=\"fas fa-signature\"><\/i><\/div>\n\t\t\t\t\t\t<\/span>\n\t\t<\/div>\n\t\t\t\t\t\t<\/div>\n\t\t\t\t<\/div>\n\t\t\t\t<div class=\"elementor-element elementor-element-7a30991 elementor-widget elementor-widget-text-editor\" data-id=\"7a30991\" data-element_type=\"widget\" data-e-type=\"widget\" data-widget_type=\"text-editor.default\">\n\t\t\t\t<div class=\"elementor-widget-container\">\n\t\t\t\t\t\t\t\t\t<p>Obiectivul <strong>Facult\u0103\u021bii de Pompieri<\/strong> este acela de a educa \u0219i forma absolven\u021bi care s\u0103 fie: buni <strong>lideri militari<\/strong>, adic\u0103 persoane care motiveaz\u0103 \u0219i comand\u0103 oameni, controleaz\u0103 situa\u021bii \u0219i coordoneaz\u0103 resurse prin exercitarea competen\u021belor de conducere \u0219i de management al situa\u021biilor de urgen\u021b\u0103 \u0219i, \u00een acela\u0219i timp, buni <strong>ingineri <\/strong><strong>de instala\u021bii pentru construc\u021bii &#8211; pompieri<\/strong> (inspectori de prevenire care avizeaz\u0103 \u0219i\/sau autorizeaz\u0103 construc\u021biile \u0219i instala\u021biile pentru cerin\u021ba esen\u021bial\u0103 securitate la incendiu), adic\u0103 persoane care pot gestiona activit\u0103\u021bi sau proiecte tehnice ori profesionale complexe, prin asumarea responsabilit\u0103\u021bii pentru luarea deciziilor \u00een situa\u021bii de munc\u0103 imprevizibile.<\/p><p>Principalul obiectiv al educa\u021biei inginere\u0219ti este de a forma ingineri capabili s\u0103 rezolve probleme industriale. Educa\u021bia inginereasc\u0103 are scopul de a furniza competen\u021bele de utilizare inginereasc\u0103 a tehnicii de v\u00e2rf. Aceasta presupune c\u0103 absolventul, dup\u0103 c\u00e2\u021biva ani de experien\u021b\u0103 profesional\u0103 practic\u0103, va avea abilitatea s\u0103 dezvolte schi\u021be \u0219i procese noi, dar \u0219i noi produse. Se a\u0219teapt\u0103 ca acesta s\u0103 fie capabil s\u0103 adune cuno\u0219tin\u021be din literatura tehnico-\u0219tiin\u021bific\u0103 interna\u021bional\u0103 \u00een domeniul profesional \u0219i s\u0103 le transforme \u00een aplica\u021bii tehnice.<\/p>\t\t\t\t\t\t\t\t<\/div>\n\t\t\t\t<\/div>\n\t\t\t\t<section class=\"elementor-section elementor-inner-section elementor-element elementor-element-c1a81a2 elementor-section-full_width elementor-section-height-default elementor-section-height-default\" data-id=\"c1a81a2\" data-element_type=\"section\" data-e-type=\"section\">\n\t\t\t\t\t\t<div class=\"elementor-container elementor-column-gap-default\">\n\t\t\t\t\t<div class=\"elementor-column elementor-col-50 elementor-inner-column elementor-element elementor-element-bfd124d\" data-id=\"bfd124d\" data-element_type=\"column\" data-e-type=\"column\">\n\t\t\t<div class=\"elementor-widget-wrap elementor-element-populated\">\n\t\t\t\t\t\t<div class=\"elementor-element elementor-element-f11e8e0 elementor-widget elementor-widget-text-editor\" data-id=\"f11e8e0\" data-element_type=\"widget\" data-e-type=\"widget\" data-widget_type=\"text-editor.default\">\n\t\t\t\t<div class=\"elementor-widget-container\">\n\t\t\t\t\t\t\t\t\t<p>Pe de alt\u0103 parte, leadership-ul este dimensiunea definitorie a ofi\u021berului, iar aceasta se concretizeaz\u0103 \u00een capacitatea de a planifica, organiza, de a lua decizii juste \u0219i la momentul potrivit, de a-\u0219i asuma r\u0103spunderea propriilor decizii, de a motiva \u0219i de a coordona oamenii din subordine.<\/p><p>Ofi\u021berul trebuie s\u0103 fie un bun specialist \u0219i instructor, s\u0103 dea dovad\u0103 de competen\u021b\u0103 \u0219i de corectitudine, s\u0103 adere la valorile na\u021bionale \u0219i universale, s\u0103 aib\u0103 capacitatea de a se adapta rapid la schimb\u0103rile din jurul s\u0103u.<\/p><p>Nu le oferim studen\u021bilor doar o educa\u021bie, ci experien\u021be care \u00eei preg\u0103tesc pentru succesul \u00een carier\u0103. \u00cei ajut\u0103m s\u0103 reu\u0219easc\u0103, s\u0103 descopere un domeniu de care sunt pasiona\u021bi \u0219i pe care \u00eendr\u0103znesc s\u0103 \u00eel conduc\u0103.<\/p>\t\t\t\t\t\t\t\t<\/div>\n\t\t\t\t<\/div>\n\t\t\t\t\t<\/div>\n\t\t<\/div>\n\t\t\t\t<div class=\"elementor-column elementor-col-50 elementor-inner-column elementor-element elementor-element-ec75a33\" data-id=\"ec75a33\" data-element_type=\"column\" data-e-type=\"column\">\n\t\t\t<div class=\"elementor-widget-wrap elementor-element-populated\">\n\t\t\t\t\t\t<div class=\"e-add-querytype-attachment e-add-queryskin-carousel elementor-element elementor-element-e0c07b6 e-add-carousel-effect-cube e-add-carousel-direction-horizontal e-add-carousel-direction-horizontal e-add-posts-layout-default e-add-align-left elementor-widget elementor-widget-e-query-media\" data-id=\"e0c07b6\" data-element_type=\"widget\" data-e-type=\"widget\" data-settings=\"{&quot;carousel_speed_slider&quot;:800,&quot;carousel_effects&quot;:&quot;cube&quot;,&quot;carousel_useAutoplay&quot;:&quot;yes&quot;,&quot;carousel_autoplay&quot;:2000,&quot;carousel_cube_shadow&quot;:&quot;yes&quot;,&quot;carousel_slideShadows&quot;:&quot;yes&quot;,&quot;carousel_direction_slider&quot;:&quot;horizontal&quot;,&quot;carousel_usePagination&quot;:&quot;yes&quot;,&quot;carousel_pagination_type&quot;:&quot;bullets&quot;,&quot;carousel_bullets_style&quot;:&quot;default&quot;,&quot;carousel_direction_pagination&quot;:&quot;horizontal&quot;,&quot;carousel_autoplayPauseOnHover&quot;:&quot;yes&quot;,&quot;carousel_spaceBetween&quot;:0,&quot;carousel_slidesOffsetBefore&quot;:0,&quot;carousel_slidesOffsetAfter&quot;:0,&quot;carousel_slidesPerColumnFill&quot;:&quot;row&quot;,&quot;carousel_allowTouchMove&quot;:&quot;yes&quot;,&quot;carousel_watchOverflow&quot;:&quot;yes&quot;}\" data-widget_type=\"e-query-media.carousel\">\n\t\t\t\t<div class=\"elementor-widget-container\">\n\t\t\t\t\t        <div class=\"e-add-carousel-container\">        <div class=\"e-add-posts-container e-add-posts  swiper-container e-add-skin-carousel \">\r\n                        <div class=\"e-add-posts-wrapper swiper-wrapper e-add-wrapper-carousel \">\r\n                        <article class=\"e-add-querytype-post e-add-post e-add-post-item e-add-post-item-e0c07b6 swiper-slide e-add-item-carousel post-9409 attachment type-attachment status-inherit hentry\" data-post-id=\"9409\" data-index=\"0\">\r\n                        <div class=\"e-add-post-block e-add-post-block-0\">\r\n                <div class=\" e-add-item e-add-item_image elementor-repeater-item-e-add-media-image\" data-item-id=\"e-add-media-image\"><a class=\"e-add-post-image e-media-link elementor-clickable\" data-elementor-lightbox-slideshow=\"all-e0c07b6\" href=\"http:\/\/eadmitere.ro\/politie\/wp-content\/uploads\/2023\/02\/academie-facultatea-de-pompieri-01.webp\"><figure class=\"e-add-img\"><img fetchpriority=\"high\" decoding=\"async\" width=\"700\" height=\"450\" src=\"https:\/\/eadmitere.ro\/politie\/wp-content\/uploads\/2023\/02\/academie-facultatea-de-pompieri-01.webp\" class=\"attachment-medium_large size-medium_large wp-image-9409\" alt=\"Academia de Poli\u0163ie \u201eAlexandru Ioan Cuza\u201d, Facultatea de pompieri - pentru a ajunge la bucuria absolvirii trebuie s\u0103 te preg\u0103te\u0219ti cu eAdmitere.ro\" srcset=\"https:\/\/eadmitere.ro\/politie\/wp-content\/uploads\/2023\/02\/academie-facultatea-de-pompieri-01.webp 700w, https:\/\/eadmitere.ro\/politie\/wp-content\/uploads\/2023\/02\/academie-facultatea-de-pompieri-01-300x193.webp 300w\" sizes=\"(max-width: 700px) 100vw, 700px\" \/><\/figure><\/a><\/div>            <\/div>\r\n                    <\/article>\r\n                <article class=\"e-add-querytype-post e-add-post e-add-post-item e-add-post-item-e0c07b6 swiper-slide e-add-item-carousel post-9410 attachment type-attachment status-inherit hentry\" data-post-id=\"9410\" data-index=\"1\">\r\n                        <div class=\"e-add-post-block e-add-post-block-1\">\r\n                <div class=\" e-add-item e-add-item_image elementor-repeater-item-e-add-media-image\" data-item-id=\"e-add-media-image\"><a class=\"e-add-post-image e-media-link elementor-clickable\" data-elementor-lightbox-slideshow=\"all-e0c07b6\" href=\"http:\/\/eadmitere.ro\/politie\/wp-content\/uploads\/2023\/02\/academie-facultatea-de-pompieri-02.webp\"><figure class=\"e-add-img\"><img decoding=\"async\" width=\"700\" height=\"450\" src=\"https:\/\/eadmitere.ro\/politie\/wp-content\/uploads\/2023\/02\/academie-facultatea-de-pompieri-02.webp\" class=\"attachment-medium_large size-medium_large wp-image-9410\" alt=\"Facultatea de pompieri din cadrul Academiei de Poli\u0163ie \u201eAlexandru Ioan Cuza\u201d, este o institu\u021bie militar\u0103 de \u00eenv\u0103\u021b\u0103m\u00e2nt superior care asigur\u0103 formarea ini\u021bial\u0103 \u0219i continu\u0103 la nivel universitar pentru unit\u0103\u021bile operative ale I.G.S.U. (Inspectoratul General pentru Situa\u021bii de Urgen\u021b\u0103).\" srcset=\"https:\/\/eadmitere.ro\/politie\/wp-content\/uploads\/2023\/02\/academie-facultatea-de-pompieri-02.webp 700w, https:\/\/eadmitere.ro\/politie\/wp-content\/uploads\/2023\/02\/academie-facultatea-de-pompieri-02-300x193.webp 300w\" sizes=\"(max-width: 700px) 100vw, 700px\" \/><\/figure><\/a><\/div>            <\/div>\r\n                    <\/article>\r\n                <article class=\"e-add-querytype-post e-add-post e-add-post-item e-add-post-item-e0c07b6 swiper-slide e-add-item-carousel post-9411 attachment type-attachment status-inherit hentry\" data-post-id=\"9411\" data-index=\"2\">\r\n                        <div class=\"e-add-post-block e-add-post-block-2\">\r\n                <div class=\" e-add-item e-add-item_image elementor-repeater-item-e-add-media-image\" data-item-id=\"e-add-media-image\"><a class=\"e-add-post-image e-media-link elementor-clickable\" data-elementor-lightbox-slideshow=\"all-e0c07b6\" href=\"http:\/\/eadmitere.ro\/politie\/wp-content\/uploads\/2023\/02\/academie-facultatea-de-pompieri-03.webp\"><figure class=\"e-add-img\"><img decoding=\"async\" width=\"700\" height=\"450\" src=\"https:\/\/eadmitere.ro\/politie\/wp-content\/uploads\/2023\/02\/academie-facultatea-de-pompieri-03.webp\" class=\"attachment-medium_large size-medium_large wp-image-9411\" alt=\"Obiectivul Facult\u0103\u021bii de Pompieri este acela de a educa \u0219i forma absolven\u021bi care s\u0103 fie buni lideri militari, adic\u0103 persoane care motiveaz\u0103 \u0219i comand\u0103 oameni, controleaz\u0103 situa\u021bii \u0219i coordoneaz\u0103 resurse prin exercitarea competen\u021belor de conducere \u0219i de management al situa\u021biilor de urgen\u021b\u0103 \u0219i, \u00een acela\u0219i timp, buni ingineri de instala\u021bii pentru construc\u021bii \u2013 pompieri (inspectori de prevenire care avizeaz\u0103 \u0219i\/sau autorizeaz\u0103 construc\u021biile \u0219i instala\u021biile pentru cerin\u021ba esen\u021bial\u0103 securitate la incendiu).\" srcset=\"https:\/\/eadmitere.ro\/politie\/wp-content\/uploads\/2023\/02\/academie-facultatea-de-pompieri-03.webp 700w, https:\/\/eadmitere.ro\/politie\/wp-content\/uploads\/2023\/02\/academie-facultatea-de-pompieri-03-300x193.webp 300w\" sizes=\"(max-width: 700px) 100vw, 700px\" \/><\/figure><\/a><\/div>            <\/div>\r\n                    <\/article>\r\n                <article class=\"e-add-querytype-post e-add-post e-add-post-item e-add-post-item-e0c07b6 swiper-slide e-add-item-carousel post-9412 attachment type-attachment status-inherit hentry\" data-post-id=\"9412\" data-index=\"3\">\r\n                        <div class=\"e-add-post-block e-add-post-block-3\">\r\n                <div class=\" e-add-item e-add-item_image elementor-repeater-item-e-add-media-image\" data-item-id=\"e-add-media-image\"><a class=\"e-add-post-image e-media-link elementor-clickable\" data-elementor-lightbox-slideshow=\"all-e0c07b6\" href=\"http:\/\/eadmitere.ro\/politie\/wp-content\/uploads\/2023\/02\/academie-facultatea-de-pompieri-04.webp\"><figure class=\"e-add-img\"><img loading=\"lazy\" decoding=\"async\" width=\"700\" height=\"450\" src=\"https:\/\/eadmitere.ro\/politie\/wp-content\/uploads\/2023\/02\/academie-facultatea-de-pompieri-04.webp\" class=\"attachment-medium_large size-medium_large wp-image-9412\" alt=\"Admiterea la Facultatea de pompieri din cadrul Academiei de Poli\u0163ie \u201eAlexandru Ioan Cuza\u201d poate fi ieftin\u0103 sau aproape gratis dac\u0103 te preg\u0103te\u0219ti cu testele \u0219i subiectele puse la dispozi\u021bie de c\u0103tre eAdmitere.ro\" srcset=\"https:\/\/eadmitere.ro\/politie\/wp-content\/uploads\/2023\/02\/academie-facultatea-de-pompieri-04.webp 700w, https:\/\/eadmitere.ro\/politie\/wp-content\/uploads\/2023\/02\/academie-facultatea-de-pompieri-04-300x193.webp 300w\" sizes=\"(max-width: 700px) 100vw, 700px\" \/><\/figure><\/a><\/div>            <\/div>\r\n                    <\/article>\r\n                <article class=\"e-add-querytype-post e-add-post e-add-post-item e-add-post-item-e0c07b6 swiper-slide e-add-item-carousel post-9413 attachment type-attachment status-inherit hentry\" data-post-id=\"9413\" data-index=\"4\">\r\n                        <div class=\"e-add-post-block e-add-post-block-4\">\r\n                <div class=\" e-add-item e-add-item_image elementor-repeater-item-e-add-media-image\" data-item-id=\"e-add-media-image\"><a class=\"e-add-post-image e-media-link elementor-clickable\" data-elementor-lightbox-slideshow=\"all-e0c07b6\" href=\"http:\/\/eadmitere.ro\/politie\/wp-content\/uploads\/2023\/02\/academie-facultatea-de-pompieri-05.webp\"><figure class=\"e-add-img\"><img loading=\"lazy\" decoding=\"async\" width=\"700\" height=\"450\" src=\"https:\/\/eadmitere.ro\/politie\/wp-content\/uploads\/2023\/02\/academie-facultatea-de-pompieri-05.webp\" class=\"attachment-medium_large size-medium_large wp-image-9413\" alt=\"La absolvirea facult\u0103\u021bii de pompieri, se acord\u0103 gradul militar de ofi\u021ber de pompieri (sublocotenent), iar reparti\u021bia tinerilor absolven\u021bi se asigur\u0103 \u00een totalitate \u00een unit\u0103\u021bile \u0219i subunit\u0103\u021bile de pompieri (situa\u021bii de urgent\u0103) \u0219i se face \u00een raport cu dinamica resurselor umane \u00een I.G.S.U., media de absolvire, c\u00e2t \u0219i \u00een func\u021bie de op\u021biunile acestora.\" srcset=\"https:\/\/eadmitere.ro\/politie\/wp-content\/uploads\/2023\/02\/academie-facultatea-de-pompieri-05.webp 700w, https:\/\/eadmitere.ro\/politie\/wp-content\/uploads\/2023\/02\/academie-facultatea-de-pompieri-05-300x193.webp 300w\" sizes=\"(max-width: 700px) 100vw, 700px\" \/><\/figure><\/a><\/div>            <\/div>\r\n                    <\/article>\r\n                <article class=\"e-add-querytype-post e-add-post e-add-post-item e-add-post-item-e0c07b6 swiper-slide e-add-item-carousel post-9414 attachment type-attachment status-inherit hentry\" data-post-id=\"9414\" data-index=\"5\">\r\n                        <div class=\"e-add-post-block e-add-post-block-5\">\r\n                <div class=\" e-add-item e-add-item_image elementor-repeater-item-e-add-media-image\" data-item-id=\"e-add-media-image\"><a class=\"e-add-post-image e-media-link elementor-clickable\" data-elementor-lightbox-slideshow=\"all-e0c07b6\" href=\"http:\/\/eadmitere.ro\/politie\/wp-content\/uploads\/2023\/02\/academie-facultatea-de-pompieri-06.webp\"><figure class=\"e-add-img\"><img loading=\"lazy\" decoding=\"async\" width=\"700\" height=\"450\" src=\"https:\/\/eadmitere.ro\/politie\/wp-content\/uploads\/2023\/02\/academie-facultatea-de-pompieri-06.webp\" class=\"attachment-medium_large size-medium_large wp-image-9414\" alt=\"Facultatea de pompieri din cadrul Academiei de Poli\u0163ie \u201eAlexandru Ioan Cuza\u201d este o institu\u021bie militar\u0103 de \u00eenv\u0103\u021b\u0103m\u00e2nt superior care asigur\u0103 preg\u0103tirea ofi\u021berilor pentru una din cele mai respectate \u0219i de \u00eencredere profesii din Rom\u00e2nia.\" srcset=\"https:\/\/eadmitere.ro\/politie\/wp-content\/uploads\/2023\/02\/academie-facultatea-de-pompieri-06.webp 700w, https:\/\/eadmitere.ro\/politie\/wp-content\/uploads\/2023\/02\/academie-facultatea-de-pompieri-06-300x193.webp 300w\" sizes=\"(max-width: 700px) 100vw, 700px\" \/><\/figure><\/a><\/div>            <\/div>\r\n                    <\/article>\r\n                <article class=\"e-add-querytype-post e-add-post e-add-post-item e-add-post-item-e0c07b6 swiper-slide e-add-item-carousel post-9415 attachment type-attachment status-inherit hentry\" data-post-id=\"9415\" data-index=\"6\">\r\n                        <div class=\"e-add-post-block e-add-post-block-6\">\r\n                <div class=\" e-add-item e-add-item_image elementor-repeater-item-e-add-media-image\" data-item-id=\"e-add-media-image\"><a class=\"e-add-post-image e-media-link elementor-clickable\" data-elementor-lightbox-slideshow=\"all-e0c07b6\" href=\"http:\/\/eadmitere.ro\/politie\/wp-content\/uploads\/2023\/02\/academie-facultatea-de-pompieri-07.webp\"><figure class=\"e-add-img\"><img loading=\"lazy\" decoding=\"async\" width=\"700\" height=\"450\" src=\"https:\/\/eadmitere.ro\/politie\/wp-content\/uploads\/2023\/02\/academie-facultatea-de-pompieri-07.webp\" class=\"attachment-medium_large size-medium_large wp-image-9415\" alt=\"Festivitatea de absolvire \u0219i depunere a jur\u0103m\u00e2ntului militar la Academia de Poli\u0163ie \u201eAlexandru Ioan Cuza\u201d - Facultatea de pompieri este un simbol ce reprezint\u0103 \u00eencununarea eforturilor studen\u021bilor de a descoperi un domeniu de care sunt pasiona\u021bi \u0219i pe care \u00eendr\u0103znesc s\u0103 \u00eel conduc\u0103.\" srcset=\"https:\/\/eadmitere.ro\/politie\/wp-content\/uploads\/2023\/02\/academie-facultatea-de-pompieri-07.webp 700w, https:\/\/eadmitere.ro\/politie\/wp-content\/uploads\/2023\/02\/academie-facultatea-de-pompieri-07-300x193.webp 300w\" sizes=\"(max-width: 700px) 100vw, 700px\" \/><\/figure><\/a><\/div>            <\/div>\r\n                    <\/article>\r\n                    <\/div>\r\n                    <\/div>\r\n        <div class=\"e-add-carousel-controls\" data-post-id=\"9415\"><div class=\"e-add-container-pagination swiper-container-horizontal\"><div class=\"swiper-pagination pagination-e0c07b6-9415 e-add-nav-style nav--default\"><\/div><\/div><\/div><\/div>        \t\t\t\t<\/div>\n\t\t\t\t<\/div>\n\t\t\t\t\t<\/div>\n\t\t<\/div>\n\t\t\t\t\t<\/div>\n\t\t<\/section>\n\t\t\t\t<div class=\"elementor-element elementor-element-9b84c26 elementor-widget elementor-widget-text-editor\" data-id=\"9b84c26\" data-element_type=\"widget\" data-e-type=\"widget\" data-widget_type=\"text-editor.default\">\n\t\t\t\t<div class=\"elementor-widget-container\">\n\t\t\t\t\t\t\t\t\t<p>La absolvirea facult\u0103\u021bii, se acord\u0103 gradul militar de ofi\u021ber de pompieri (sublocotenent), iar reparti\u021bia tinerilor absolven\u021bi se asigur\u0103 \u00een totalitate \u00een unit\u0103\u021bile \u0219i subunit\u0103\u021bile de pompieri (situa\u021bii de urgent\u0103) \u0219i se face \u00een raport cu dinamica resurselor umane \u00een I.G.S.U., media de absolvire, c\u00e2t \u0219i \u00een func\u021bie de op\u021biunile acestora.<\/p><p>Ca \u0219i avantaje sociale la absolvire se reg\u0103sesc: loc de munc\u0103 asigurat prin reparti\u021bie, salariu decent \u0219i un statut social deosebit. \u00cen schimb, exist\u0103 \u0219i unele restric\u021bii datorate naturii profesiei.<\/p>\t\t\t\t\t\t\t\t<\/div>\n\t\t\t\t<\/div>\n\t\t\t\t<div class=\"elementor-element elementor-element-11f8df3 elementor-widget elementor-widget-heading\" data-id=\"11f8df3\" data-element_type=\"widget\" data-e-type=\"widget\" data-widget_type=\"heading.default\">\n\t\t\t\t<div class=\"elementor-widget-container\">\n\t\t\t\t\t<h2 class=\"elementor-heading-title elementor-size-default\"><a href=\"https:\/\/academiadepolitie.ro\/facultatea-de-pompieri\/\" target=\"_blank\">* Textele \u0219i fotografiile de prezentare au fost preluate \u0219i adaptate de pe <span class=\"tooltip\">website-ul<\/span><br> Academiei de Poli\u0163ie \u201eAlexandru Ioan Cuza\u201d - Facultatea de pompieri<\/a><\/h2>\t\t\t\t<\/div>\n\t\t\t\t<\/div>\n\t\t\t\t<div class=\"elementor-element elementor-element-e3c266b elementor-widget elementor-widget-text-editor\" data-id=\"e3c266b\" data-element_type=\"widget\" data-e-type=\"widget\" data-widget_type=\"text-editor.default\">\n\t\t\t\t<div class=\"elementor-widget-container\">\n\t\t\t\t\t\t\t\t\t<strong>Mai multe articole pe aceast\u0103 tem\u0103:<\/strong>\n<ul>\n \t<li><a href=\"https:\/\/eadmitere.ro\/politie\/ce-scoli-de-pompieri-sunt-in-romania\/\">Ce \u0219coli de pompieri sunt \u00een Rom\u00e2nia?<\/a><\/li>\n \t<li><a href=\"https:\/\/eadmitere.ro\/politie\/facultatea-de-pompieri-din-cadrul-academiei-de-politie-alexandru-ioan-cuza\/\">Facultatea de Pompieri din cadrul Academiei de Poli\u021bie \u201eAlexandru Ioan Cuza&#8221;<\/a><\/li>\n \t<li><a href=\"https:\/\/eadmitere.ro\/politie\/facultatea-de-pompieri-din-cadrul-academiei-de-politie-alexandru-ioan-cuza-de-la-pionierat-la-excelenta\/\">Facultatea de Pompieri din cadrul Academiei de Poli\u021bie \u201eAlexandru Ioan Cuza\u201d: De la pionierat la excelen\u021b\u0103<\/a><\/li>\n \t<li><a href=\"https:\/\/eadmitere.ro\/politie\/cine-este-ocrotitorul-spiritual-al-pompierilor\/\">Cine este ocrotitorul spiritual al Pompierilor?<\/a><\/li>\n \t<li><a href=\"https:\/\/eadmitere.ro\/politie\/cine-a-fost-sfantul-iosif-cel-nou-de-la-partos\/\">Cine a fost Sf\u00e2ntul Iosif cel Nou de la Parto\u0219?<\/a><\/li>\n \t<li><a href=\"https:\/\/eadmitere.ro\/politie\/13-septembrie-ziua-pompierilor-din-romania\/\">13 septembrie \u21ac Ziua Pompierilor din Rom\u00e2nia<\/a><\/li>\n \t<li><a href=\"https:\/\/eadmitere.ro\/politie\/de-ce-este-importanta-matematica-la-admiterea-in-scolile-de-pompieri\/\">De ce este important\u0103 matematica la admiterea \u00een \u0219colile de pompieri?<\/a><\/li>\n \t<li><a href=\"https:\/\/eadmitere.ro\/politie\/de-ce-este-importanta-fizica-la-admiterea-in-facultatea-de-pompieri\/\">De ce este important\u0103 fizica la admiterea \u00een facultatea de pompieri?<\/a><\/li>\n \t<li><a href=\"https:\/\/eadmitere.ro\/politie\/de-ce-este-importanta-testarea-psihologica-la-admiterea-in-scolile-de-politie-jandarmi-si-pompieri\/\">De ce este important\u0103 testarea psihologic\u0103 la admiterea \u00een \u0219colile de poli\u021bie, jandarmi \u0219i pompieri?<\/a><\/li>\n<\/ul>\t\t\t\t\t\t\t\t<\/div>\n\t\t\t\t<\/div>\n\t\t\t\t<div class=\"elementor-element elementor-element-24ff876 elementor-widget elementor-widget-heading\" data-id=\"24ff876\" data-element_type=\"widget\" data-e-type=\"widget\" data-widget_type=\"heading.default\">\n\t\t\t\t<div class=\"elementor-widget-container\">\n\t\t\t\t\t<h3 class=\"elementor-heading-title elementor-size-default\"><a href=\"#top\">sus <i class=\"fa fa-arrow-up\" aria-hidden=\"true\"><\/i><\/a><\/h3>\t\t\t\t<\/div>\n\t\t\t\t<\/div>\n\t\t\t\t\t<\/div>\n\t\t<\/div>\n\t\t\t\t\t<\/div>\n\t\t<\/section>\n\t\t\t\t<\/div>\n\t\t","protected":false},"excerpt":{"rendered":"<p>Academia de Poli\u0163ie \u201eAlexandru Ioan Cuza\u201dFacultatea de pompieri Per Scientiam Pro Patria Facultatea de Pompieri este o institu\u021bie militar\u0103 de \u00eenv\u0103\u021b\u0103m\u00e2nt superior care asigur\u0103 formarea ini\u021bial\u0103 \u0219i continu\u0103 la nivel universitar pentru unit\u0103\u021bile operative ale I.G.S.U. (Inspectoratul General pentru Situa\u021bii de Urgen\u021b\u0103). Formarea viitorilor ofi\u021beri \u00een Facultatea de Pompieri are un caracter complex \u0219i original, [&hellip;]<\/p>\n","protected":false},"author":1,"featured_media":9349,"parent":0,"menu_order":0,"comment_status":"closed","ping_status":"closed","template":"","meta":{"_seopress_robots_primary_cat":"","_seopress_titles_title":"Facultatea de Pompieri din cadrul Academiei \u201eAlexandru Ioan Cuza\u201d","_seopress_titles_desc":"Facultatea de Pompieri este o institu\u021bie militar\u0103 de \u00eenv\u0103\u021b\u0103m\u00e2nt superior care asigur\u0103 formarea cadrelor cu studii superioare pentru unit\u0103\u021bile operative ale IGSU","_seopress_robots_index":"","inline_featured_image":false,"footnotes":""},"class_list":["post-9264","page","type-page","status-publish","has-post-thumbnail","hentry"],"_links":{"self":[{"href":"https:\/\/eadmitere.ro\/politie\/wp-json\/wp\/v2\/pages\/9264","targetHints":{"allow":["GET"]}}],"collection":[{"href":"https:\/\/eadmitere.ro\/politie\/wp-json\/wp\/v2\/pages"}],"about":[{"href":"https:\/\/eadmitere.ro\/politie\/wp-json\/wp\/v2\/types\/page"}],"author":[{"embeddable":true,"href":"https:\/\/eadmitere.ro\/politie\/wp-json\/wp\/v2\/users\/1"}],"replies":[{"embeddable":true,"href":"https:\/\/eadmitere.ro\/politie\/wp-json\/wp\/v2\/comments?post=9264"}],"version-history":[{"count":0,"href":"https:\/\/eadmitere.ro\/politie\/wp-json\/wp\/v2\/pages\/9264\/revisions"}],"wp:featuredmedia":[{"embeddable":true,"href":"https:\/\/eadmitere.ro\/politie\/wp-json\/wp\/v2\/media\/9349"}],"wp:attachment":[{"href":"https:\/\/eadmitere.ro\/politie\/wp-json\/wp\/v2\/media?parent=9264"}],"curies":[{"name":"wp","href":"https:\/\/api.w.org\/{rel}","templated":true}]}}